{"id":16,"date":"2020-10-28T18:15:10","date_gmt":"2020-10-28T18:15:10","guid":{"rendered":"https:\/\/lenguas.nuevo.unicen.edu.ar\/?page_id=16"},"modified":"2026-03-18T15:19:10","modified_gmt":"2026-03-18T15:19:10","slug":"pagina-principal","status":"publish","type":"page","link":"https:\/\/lenguas.unicen.edu.ar\/","title":{"rendered":"Pagina principal"},"content":{"rendered":"\t\t<div data-elementor-type=\"wp-page\" data-elementor-id=\"16\" class=\"elementor elementor-16\">\n\t\t\t\t\t\t<section class=\"elementor-section elementor-top-section elementor-element elementor-element-64f39e8 elementor-section-boxed elementor-section-height-default elementor-section-height-default\" data-id=\"64f39e8\" data-element_type=\"section\">\n\t\t\t\t\t\t<div class=\"elementor-container elementor-column-gap-default\">\n\t\t\t\t\t<div class=\"elementor-column elementor-col-100 elementor-top-column elementor-element elementor-element-e38f0dc\" data-id=\"e38f0dc\" data-element_type=\"column\">\n\t\t\t<div class=\"elementor-widget-wrap elementor-element-populated\">\n\t\t\t\t\t\t<div class=\"elementor-element elementor-element-437b7dc elementor-widget elementor-widget-image\" data-id=\"437b7dc\" data-element_type=\"widget\" data-widget_type=\"image.default\">\n\t\t\t\t<div class=\"elementor-widget-container\">\n\t\t\t\t\t\t\t\t\t\t\t\t\t<img decoding=\"async\" src=\"https:\/\/lenguas.unicen.edu.ar\/wp-content\/uploads\/elementor\/thumbs\/03-ozwgnlekhaejfhw3r1pknwho4vqqj14xrbxyidz3fg.jpg\" title=\"03\" alt=\"03\" loading=\"lazy\" \/>\t\t\t\t\t\t\t\t\t\t\t\t\t<\/div>\n\t\t\t\t<\/div>\n\t\t\t\t\t<\/div>\n\t\t<\/div>\n\t\t\t\t\t<\/div>\n\t\t<\/section>\n\t\t\t\t<section class=\"elementor-section elementor-top-section elementor-element elementor-element-ad03eff elementor-section-boxed elementor-section-height-default elementor-section-height-default\" data-id=\"ad03eff\" data-element_type=\"section\">\n\t\t\t\t\t\t<div class=\"elementor-container elementor-column-gap-default\">\n\t\t\t\t\t<div class=\"elementor-column elementor-col-66 elementor-top-column elementor-element elementor-element-d34d9f4\" data-id=\"d34d9f4\" data-element_type=\"column\">\n\t\t\t<div class=\"elementor-widget-wrap elementor-element-populated\">\n\t\t\t\t\t\t<div class=\"elementor-element elementor-element-02e5605 elementor-widget elementor-widget-shortcode\" data-id=\"02e5605\" data-element_type=\"widget\" data-widget_type=\"shortcode.default\">\n\t\t\t\t<div class=\"elementor-widget-container\">\n\t\t\t\t\t<div class=\"elementor-shortcode\"><style>.wp-show-posts-columns#wpsp-31 {margin-left: -1em; }.wp-show-posts-columns#wpsp-31 .wp-show-posts-inner {margin: 0 0 1em 1em; }<\/style><section id=\"wpsp-31\" class=\" wp-show-posts-columns wp-show-posts\" style=\"\"><article class=\" wp-show-posts-single post-3945 post type-post status-publish format-standard has-post-thumbnail hentry category-noticias wpsp-col-4\" itemtype=\"http:\/\/schema.org\/CreativeWork\" itemscope><div class=\"wp-show-posts-inner\" style=\"\">\t\t\t\t\t\t<header class=\"wp-show-posts-entry-header\">\n\t\t\t\t\t\t\t<h3 class=\"wp-show-posts-entry-title\" itemprop=\"headline\"><a href=\"https:\/\/lenguas.unicen.edu.ar\/?p=3945\" rel=\"bookmark\">Taller: \u201cLa consigna: andamio, texto e instrucci\u00f3n\u201d<\/a><\/h3><div class=\"wp-show-posts-entry-meta wp-show-posts-entry-meta-below-title post-meta-inline\"><span class=\"wp-show-posts-posted-on wp-show-posts-meta\">\n\t\t\t\t\t<a href=\"https:\/\/lenguas.unicen.edu.ar\/?p=3945\" title=\"5:21 pm\" rel=\"bookmark\"><time class=\"wp-show-posts-entry-date published\" datetime=\"2026-03-27T17:21:58+00:00\" itemprop=\"datePublished\">March 27, 2026<\/time><time class=\"wp-show-posts-updated\" datetime=\"2026-04-10T17:00:03+00:00\" itemprop=\"dateModified\">April 10, 2026<\/time><\/a>\n\t\t\t\t<\/span><\/div>\t\t\t\t\t\t<\/header><!-- .entry-header -->\n\t\t\t\t\t\t\t<div class=\"wp-show-posts-image  wpsp-image-center \">\n\t\t\t<a href=\"https:\/\/lenguas.unicen.edu.ar\/?p=3945\"  title=\"Taller: \u201cLa consigna: andamio, texto e instrucci\u00f3n\u201d\"><img fetchpriority=\"high\" decoding=\"async\" width=\"1080\" height=\"1080\" src=\"https:\/\/lenguas.unicen.edu.ar\/wp-content\/uploads\/2026\/03\/Flyer-taller-consignas-1-1.png\" class=\"attachment-full size-full wp-post-image\" alt=\"\" itemprop=\"image\" srcset=\"https:\/\/lenguas.unicen.edu.ar\/wp-content\/uploads\/2026\/03\/Flyer-taller-consignas-1-1.png 1080w, https:\/\/lenguas.unicen.edu.ar\/wp-content\/uploads\/2026\/03\/Flyer-taller-consignas-1-1-300x300.png 300w, https:\/\/lenguas.unicen.edu.ar\/wp-content\/uploads\/2026\/03\/Flyer-taller-consignas-1-1-1024x1024.png 1024w, https:\/\/lenguas.unicen.edu.ar\/wp-content\/uploads\/2026\/03\/Flyer-taller-consignas-1-1-150x150.png 150w, https:\/\/lenguas.unicen.edu.ar\/wp-content\/uploads\/2026\/03\/Flyer-taller-consignas-1-1-768x768.png 768w\" sizes=\"(max-width: 1080px) 100vw, 1080px\" \/><\/a>\t\t<\/div>\n\t\t\t\t\t\t\t\t<div class=\"wp-show-posts-entry-summary\" itemprop=\"text\">\n\t\t\t\t\t\t\t<p>El \u00c1rea LEO del Departamento de Lenguas abre la inscripci\u00f3n al taller: \u201cLa consigna: andamio, texto e instrucci\u00f3n\u201d. Una consigna es un texto oral o escrito que ha sido producido&#8230;<\/p>\n\t\t\t\t\t\t<\/div><!-- .entry-summary -->\n\t\t\t\t\t<\/div><!-- wp-show-posts-inner --><\/article><article class=\" wp-show-posts-single post-3941 post type-post status-publish format-standard has-post-thumbnail hentry category-noticias wpsp-col-4\" itemtype=\"http:\/\/schema.org\/CreativeWork\" itemscope><div class=\"wp-show-posts-inner\" style=\"\">\t\t\t\t\t\t<header class=\"wp-show-posts-entry-header\">\n\t\t\t\t\t\t\t<h3 class=\"wp-show-posts-entry-title\" itemprop=\"headline\"><a href=\"https:\/\/lenguas.unicen.edu.ar\/?p=3941\" rel=\"bookmark\">Taller: &#8220;Tengo que escribir una ponencia\u2026 \u00bfpor d\u00f3nde empiezo\u201d<\/a><\/h3><div class=\"wp-show-posts-entry-meta wp-show-posts-entry-meta-below-title post-meta-inline\"><span class=\"wp-show-posts-posted-on wp-show-posts-meta\">\n\t\t\t\t\t<a href=\"https:\/\/lenguas.unicen.edu.ar\/?p=3941\" title=\"4:19 pm\" rel=\"bookmark\"><time class=\"wp-show-posts-entry-date published\" datetime=\"2026-03-27T16:19:30+00:00\" itemprop=\"datePublished\">March 27, 2026<\/time><time class=\"wp-show-posts-updated\" datetime=\"2026-04-10T16:58:36+00:00\" itemprop=\"dateModified\">April 10, 2026<\/time><\/a>\n\t\t\t\t<\/span><\/div>\t\t\t\t\t\t<\/header><!-- .entry-header -->\n\t\t\t\t\t\t\t<div class=\"wp-show-posts-image  wpsp-image-center \">\n\t\t\t<a href=\"https:\/\/lenguas.unicen.edu.ar\/?p=3941\"  title=\"Taller: &#8220;Tengo que escribir una ponencia\u2026 \u00bfpor d\u00f3nde empiezo\u201d\"><img decoding=\"async\" width=\"1414\" height=\"2000\" src=\"https:\/\/lenguas.unicen.edu.ar\/wp-content\/uploads\/2026\/03\/Flyer-taller-escritura-ponencias-1-1.png\" class=\"attachment-full size-full wp-post-image\" alt=\"\" itemprop=\"image\" srcset=\"https:\/\/lenguas.unicen.edu.ar\/wp-content\/uploads\/2026\/03\/Flyer-taller-escritura-ponencias-1-1.png 1414w, https:\/\/lenguas.unicen.edu.ar\/wp-content\/uploads\/2026\/03\/Flyer-taller-escritura-ponencias-1-1-212x300.png 212w, https:\/\/lenguas.unicen.edu.ar\/wp-content\/uploads\/2026\/03\/Flyer-taller-escritura-ponencias-1-1-724x1024.png 724w, https:\/\/lenguas.unicen.edu.ar\/wp-content\/uploads\/2026\/03\/Flyer-taller-escritura-ponencias-1-1-768x1086.png 768w, https:\/\/lenguas.unicen.edu.ar\/wp-content\/uploads\/2026\/03\/Flyer-taller-escritura-ponencias-1-1-1086x1536.png 1086w\" sizes=\"(max-width: 1414px) 100vw, 1414px\" \/><\/a>\t\t<\/div>\n\t\t\t\t\t\t\t\t<div class=\"wp-show-posts-entry-summary\" itemprop=\"text\">\n\t\t\t\t\t\t\t<p>El \u00c1rea LEO del Departamento de Lenguas abre la inscripci\u00f3n al taller: \u201cTengo que escribir una ponencia\u2026 \u00bfpor d\u00f3nde empiezo?\u201d La ciencia es una pr\u00e1ctica social que, a modo de&#8230;<\/p>\n\t\t\t\t\t\t<\/div><!-- .entry-summary -->\n\t\t\t\t\t<\/div><!-- wp-show-posts-inner --><\/article><article class=\" wp-show-posts-single post-3936 post type-post status-publish format-standard has-post-thumbnail hentry category-noticias wpsp-col-4\" itemtype=\"http:\/\/schema.org\/CreativeWork\" itemscope><div class=\"wp-show-posts-inner\" style=\"\">\t\t\t\t\t\t<header class=\"wp-show-posts-entry-header\">\n\t\t\t\t\t\t\t<h3 class=\"wp-show-posts-entry-title\" itemprop=\"headline\"><a href=\"https:\/\/lenguas.unicen.edu.ar\/?p=3936\" rel=\"bookmark\">Examen CELU mayo 2026<\/a><\/h3><div class=\"wp-show-posts-entry-meta wp-show-posts-entry-meta-below-title post-meta-inline\"><span class=\"wp-show-posts-posted-on wp-show-posts-meta\">\n\t\t\t\t\t<a href=\"https:\/\/lenguas.unicen.edu.ar\/?p=3936\" title=\"6:55 pm\" rel=\"bookmark\"><time class=\"wp-show-posts-entry-date published\" datetime=\"2026-03-26T18:55:47+00:00\" itemprop=\"datePublished\">March 26, 2026<\/time><time class=\"wp-show-posts-updated\" datetime=\"2026-03-26T18:57:09+00:00\" itemprop=\"dateModified\">March 26, 2026<\/time><\/a>\n\t\t\t\t<\/span><\/div>\t\t\t\t\t\t<\/header><!-- .entry-header -->\n\t\t\t\t\t\t\t<div class=\"wp-show-posts-image  wpsp-image-center \">\n\t\t\t<a href=\"https:\/\/lenguas.unicen.edu.ar\/?p=3936\"  title=\"Examen CELU mayo 2026\"><img decoding=\"async\" width=\"1080\" height=\"1080\" src=\"https:\/\/lenguas.unicen.edu.ar\/wp-content\/uploads\/2026\/03\/D226-ESP.png\" class=\"attachment-full size-full wp-post-image\" alt=\"\" itemprop=\"image\" srcset=\"https:\/\/lenguas.unicen.edu.ar\/wp-content\/uploads\/2026\/03\/D226-ESP.png 1080w, https:\/\/lenguas.unicen.edu.ar\/wp-content\/uploads\/2026\/03\/D226-ESP-300x300.png 300w, https:\/\/lenguas.unicen.edu.ar\/wp-content\/uploads\/2026\/03\/D226-ESP-1024x1024.png 1024w, https:\/\/lenguas.unicen.edu.ar\/wp-content\/uploads\/2026\/03\/D226-ESP-150x150.png 150w, https:\/\/lenguas.unicen.edu.ar\/wp-content\/uploads\/2026\/03\/D226-ESP-768x768.png 768w\" sizes=\"(max-width: 1080px) 100vw, 1080px\" \/><\/a>\t\t<\/div>\n\t\t\t\t\t\t\t\t<div class=\"wp-show-posts-entry-summary\" itemprop=\"text\">\n\t\t\t\t\t\t\t<p>El Departamento de Lenguas, dependiente de la Secretar\u00eda Acad\u00e9mica de la UNICEN, informa que los d\u00edas 29 de mayo (examen escrito), 1 y 2 de junio (examen oral) se tomar\u00e1&#8230;<\/p>\n\t\t\t\t\t\t<\/div><!-- .entry-summary -->\n\t\t\t\t\t<\/div><!-- wp-show-posts-inner --><\/article><article class=\" wp-show-posts-single post-3816 post type-post status-publish format-standard has-post-thumbnail hentry category-noticias wpsp-col-4\" itemtype=\"http:\/\/schema.org\/CreativeWork\" itemscope><div class=\"wp-show-posts-inner\" style=\"\">\t\t\t\t\t\t<header class=\"wp-show-posts-entry-header\">\n\t\t\t\t\t\t\t<h3 class=\"wp-show-posts-entry-title\" itemprop=\"headline\"><a href=\"https:\/\/lenguas.unicen.edu.ar\/?p=3816\" rel=\"bookmark\">INSCRIPCI\u00d3N 2026 a los cursos de idiomas del Departamento de Lenguas de la UNICEN<\/a><\/h3><div class=\"wp-show-posts-entry-meta wp-show-posts-entry-meta-below-title post-meta-inline\"><span class=\"wp-show-posts-posted-on wp-show-posts-meta\">\n\t\t\t\t\t<a href=\"https:\/\/lenguas.unicen.edu.ar\/?p=3816\" title=\"11:57 am\" rel=\"bookmark\"><time class=\"wp-show-posts-entry-date published\" datetime=\"2025-12-29T11:57:58+00:00\" itemprop=\"datePublished\">December 29, 2025<\/time><\/a>\n\t\t\t\t<\/span><\/div>\t\t\t\t\t\t<\/header><!-- .entry-header -->\n\t\t\t\t\t\t\t<div class=\"wp-show-posts-image  wpsp-image-center \">\n\t\t\t<a href=\"https:\/\/lenguas.unicen.edu.ar\/?p=3816\"  title=\"INSCRIPCI\u00d3N 2026 a los cursos de idiomas del Departamento de Lenguas de la UNICEN\"><img loading=\"lazy\" decoding=\"async\" width=\"1080\" height=\"1080\" src=\"https:\/\/lenguas.unicen.edu.ar\/wp-content\/uploads\/2025\/12\/Inscripcion-2026.png\" class=\"attachment-full size-full wp-post-image\" alt=\"\" itemprop=\"image\" srcset=\"https:\/\/lenguas.unicen.edu.ar\/wp-content\/uploads\/2025\/12\/Inscripcion-2026.png 1080w, https:\/\/lenguas.unicen.edu.ar\/wp-content\/uploads\/2025\/12\/Inscripcion-2026-300x300.png 300w, https:\/\/lenguas.unicen.edu.ar\/wp-content\/uploads\/2025\/12\/Inscripcion-2026-1024x1024.png 1024w, https:\/\/lenguas.unicen.edu.ar\/wp-content\/uploads\/2025\/12\/Inscripcion-2026-150x150.png 150w, https:\/\/lenguas.unicen.edu.ar\/wp-content\/uploads\/2025\/12\/Inscripcion-2026-768x768.png 768w\" sizes=\"(max-width: 1080px) 100vw, 1080px\" \/><\/a>\t\t<\/div>\n\t\t\t\t\t\t\t\t<div class=\"wp-show-posts-entry-summary\" itemprop=\"text\">\n\t\t\t\t\t\t\t<p>El Departamento de Lenguas dependiente de la Secretar\u00eda Acad\u00e9mica de la UNICEN informa que a partir del 9 de febrero y hasta el 13 de marzo se encontrar\u00e1 abierta la&#8230;<\/p>\n\t\t\t\t\t\t<\/div><!-- .entry-summary -->\n\t\t\t\t\t<\/div><!-- wp-show-posts-inner --><\/article><article class=\" wp-show-posts-single post-3801 post type-post status-publish format-standard has-post-thumbnail hentry category-informacion-para-estudiantes wpsp-col-4\" itemtype=\"http:\/\/schema.org\/CreativeWork\" itemscope><div class=\"wp-show-posts-inner\" style=\"\">\t\t\t\t\t\t<header class=\"wp-show-posts-entry-header\">\n\t\t\t\t\t\t\t<h3 class=\"wp-show-posts-entry-title\" itemprop=\"headline\"><a href=\"https:\/\/lenguas.unicen.edu.ar\/?p=3801\" rel=\"bookmark\">Llamado a mesa de examen \u2013 FEBRERO 2026<\/a><\/h3><div class=\"wp-show-posts-entry-meta wp-show-posts-entry-meta-below-title post-meta-inline\"><span class=\"wp-show-posts-posted-on wp-show-posts-meta\">\n\t\t\t\t\t<a href=\"https:\/\/lenguas.unicen.edu.ar\/?p=3801\" title=\"4:21 pm\" rel=\"bookmark\"><time class=\"wp-show-posts-entry-date published\" datetime=\"2025-12-19T16:21:05+00:00\" itemprop=\"datePublished\">December 19, 2025<\/time><time class=\"wp-show-posts-updated\" datetime=\"2025-12-19T16:21:55+00:00\" itemprop=\"dateModified\">December 19, 2025<\/time><\/a>\n\t\t\t\t<\/span><\/div>\t\t\t\t\t\t<\/header><!-- .entry-header -->\n\t\t\t\t\t\t\t<div class=\"wp-show-posts-image  wpsp-image-center \">\n\t\t\t<a href=\"https:\/\/lenguas.unicen.edu.ar\/?p=3801\"  title=\"Llamado a mesa de examen \u2013 FEBRERO 2026\"><img loading=\"lazy\" decoding=\"async\" width=\"1240\" height=\"1748\" src=\"https:\/\/lenguas.unicen.edu.ar\/wp-content\/uploads\/2025\/12\/Mesa-de-examen-febrero-2026.png\" class=\"attachment-full size-full wp-post-image\" alt=\"\" itemprop=\"image\" srcset=\"https:\/\/lenguas.unicen.edu.ar\/wp-content\/uploads\/2025\/12\/Mesa-de-examen-febrero-2026.png 1240w, https:\/\/lenguas.unicen.edu.ar\/wp-content\/uploads\/2025\/12\/Mesa-de-examen-febrero-2026-213x300.png 213w, https:\/\/lenguas.unicen.edu.ar\/wp-content\/uploads\/2025\/12\/Mesa-de-examen-febrero-2026-726x1024.png 726w, https:\/\/lenguas.unicen.edu.ar\/wp-content\/uploads\/2025\/12\/Mesa-de-examen-febrero-2026-768x1083.png 768w, https:\/\/lenguas.unicen.edu.ar\/wp-content\/uploads\/2025\/12\/Mesa-de-examen-febrero-2026-1090x1536.png 1090w\" sizes=\"(max-width: 1240px) 100vw, 1240px\" \/><\/a>\t\t<\/div>\n\t\t\t\t\t\t\t\t<div class=\"wp-show-posts-entry-summary\" itemprop=\"text\">\n\t\t\t\t\t\t\t<p>El Departamento de Lenguas dependiente de la Secretar\u00eda Acad\u00e9mica de la UNCPBA, informa que se encuentran disponibles las fechas de examen final correspondientes al llamado de febrero 2026. Cabe aclarar&#8230;<\/p>\n\t\t\t\t\t\t<\/div><!-- .entry-summary -->\n\t\t\t\t\t<\/div><!-- wp-show-posts-inner --><\/article><article class=\" wp-show-posts-single post-3738 post type-post status-publish format-standard has-post-thumbnail hentry category-noticias wpsp-col-4\" itemtype=\"http:\/\/schema.org\/CreativeWork\" itemscope><div class=\"wp-show-posts-inner\" style=\"\">\t\t\t\t\t\t<header class=\"wp-show-posts-entry-header\">\n\t\t\t\t\t\t\t<h3 class=\"wp-show-posts-entry-title\" itemprop=\"headline\"><a href=\"https:\/\/lenguas.unicen.edu.ar\/?p=3738\" rel=\"bookmark\">Inscripci\u00f3n a Test de Nivel FEBRERO \u2013 MARZO 2026<\/a><\/h3><div class=\"wp-show-posts-entry-meta wp-show-posts-entry-meta-below-title post-meta-inline\"><span class=\"wp-show-posts-posted-on wp-show-posts-meta\">\n\t\t\t\t\t<a href=\"https:\/\/lenguas.unicen.edu.ar\/?p=3738\" title=\"5:50 pm\" rel=\"bookmark\"><time class=\"wp-show-posts-entry-date published\" datetime=\"2025-12-17T17:50:52+00:00\" itemprop=\"datePublished\">December 17, 2025<\/time><\/a>\n\t\t\t\t<\/span><\/div>\t\t\t\t\t\t<\/header><!-- .entry-header -->\n\t\t\t\t\t\t\t<div class=\"wp-show-posts-image  wpsp-image-center \">\n\t\t\t<a href=\"https:\/\/lenguas.unicen.edu.ar\/?p=3738\"  title=\"Inscripci\u00f3n a Test de Nivel FEBRERO \u2013 MARZO 2026\"><img loading=\"lazy\" decoding=\"async\" width=\"1080\" height=\"1080\" src=\"https:\/\/lenguas.unicen.edu.ar\/wp-content\/uploads\/2025\/12\/Test-de-Nivel-2026-1.png\" class=\"attachment-full size-full wp-post-image\" alt=\"\" itemprop=\"image\" srcset=\"https:\/\/lenguas.unicen.edu.ar\/wp-content\/uploads\/2025\/12\/Test-de-Nivel-2026-1.png 1080w, https:\/\/lenguas.unicen.edu.ar\/wp-content\/uploads\/2025\/12\/Test-de-Nivel-2026-1-300x300.png 300w, https:\/\/lenguas.unicen.edu.ar\/wp-content\/uploads\/2025\/12\/Test-de-Nivel-2026-1-1024x1024.png 1024w, https:\/\/lenguas.unicen.edu.ar\/wp-content\/uploads\/2025\/12\/Test-de-Nivel-2026-1-150x150.png 150w, https:\/\/lenguas.unicen.edu.ar\/wp-content\/uploads\/2025\/12\/Test-de-Nivel-2026-1-768x768.png 768w\" sizes=\"(max-width: 1080px) 100vw, 1080px\" \/><\/a>\t\t<\/div>\n\t\t\t\t\t\t\t\t<div class=\"wp-show-posts-entry-summary\" itemprop=\"text\">\n\t\t\t\t\t\t\t<p>El Departamento de Lenguas informa las fechas de test de nivel correspondiente al llamado FEBRERO \u2013 MARZO 2026. Las inscripciones ser\u00e1n del 09 de febrero al 13 de marzo a&#8230;<\/p>\n\t\t\t\t\t\t<\/div><!-- .entry-summary -->\n\t\t\t\t\t<\/div><!-- wp-show-posts-inner --><\/article><article class=\" wp-show-posts-single post-3639 post type-post status-publish format-standard has-post-thumbnail hentry category-noticias wpsp-col-4\" itemtype=\"http:\/\/schema.org\/CreativeWork\" itemscope><div class=\"wp-show-posts-inner\" style=\"\">\t\t\t\t\t\t<header class=\"wp-show-posts-entry-header\">\n\t\t\t\t\t\t\t<h3 class=\"wp-show-posts-entry-title\" itemprop=\"headline\"><a href=\"https:\/\/lenguas.unicen.edu.ar\/?p=3639\" rel=\"bookmark\">Examen CELU febrero 2026<\/a><\/h3><div class=\"wp-show-posts-entry-meta wp-show-posts-entry-meta-below-title post-meta-inline\"><span class=\"wp-show-posts-posted-on wp-show-posts-meta\">\n\t\t\t\t\t<a href=\"https:\/\/lenguas.unicen.edu.ar\/?p=3639\" title=\"4:05 pm\" rel=\"bookmark\"><time class=\"wp-show-posts-entry-date published\" datetime=\"2025-11-18T16:05:19+00:00\" itemprop=\"datePublished\">November 18, 2025<\/time><time class=\"wp-show-posts-updated\" datetime=\"2025-11-18T16:06:05+00:00\" itemprop=\"dateModified\">November 18, 2025<\/time><\/a>\n\t\t\t\t<\/span><\/div>\t\t\t\t\t\t<\/header><!-- .entry-header -->\n\t\t\t\t\t\t\t<div class=\"wp-show-posts-image  wpsp-image-center \">\n\t\t\t<a href=\"https:\/\/lenguas.unicen.edu.ar\/?p=3639\"  title=\"Examen CELU febrero 2026\"><img loading=\"lazy\" decoding=\"async\" width=\"1080\" height=\"1080\" src=\"https:\/\/lenguas.unicen.edu.ar\/wp-content\/uploads\/2025\/11\/D126-ESP.png\" class=\"attachment-full size-full wp-post-image\" alt=\"\" itemprop=\"image\" srcset=\"https:\/\/lenguas.unicen.edu.ar\/wp-content\/uploads\/2025\/11\/D126-ESP.png 1080w, https:\/\/lenguas.unicen.edu.ar\/wp-content\/uploads\/2025\/11\/D126-ESP-300x300.png 300w, https:\/\/lenguas.unicen.edu.ar\/wp-content\/uploads\/2025\/11\/D126-ESP-1024x1024.png 1024w, https:\/\/lenguas.unicen.edu.ar\/wp-content\/uploads\/2025\/11\/D126-ESP-150x150.png 150w, https:\/\/lenguas.unicen.edu.ar\/wp-content\/uploads\/2025\/11\/D126-ESP-768x768.png 768w\" sizes=\"(max-width: 1080px) 100vw, 1080px\" \/><\/a>\t\t<\/div>\n\t\t\t\t\t\t\t\t<div class=\"wp-show-posts-entry-summary\" itemprop=\"text\">\n\t\t\t\t\t\t\t<p>El Departamento de Lenguas informa que los d\u00edas 6 de febrero (examen escrito), 9 y 10 de febrero (examen oral) se tomar\u00e1 el pr\u00f3ximo Examen CELU (Certificado de Espa\u00f1ol: Lengua&#8230;<\/p>\n\t\t\t\t\t\t<\/div><!-- .entry-summary -->\n\t\t\t\t\t<\/div><!-- wp-show-posts-inner --><\/article><article class=\" wp-show-posts-single post-3635 post type-post status-publish format-standard has-post-thumbnail hentry category-informacion-para-estudiantes wpsp-col-4\" itemtype=\"http:\/\/schema.org\/CreativeWork\" itemscope><div class=\"wp-show-posts-inner\" style=\"\">\t\t\t\t\t\t<header class=\"wp-show-posts-entry-header\">\n\t\t\t\t\t\t\t<h3 class=\"wp-show-posts-entry-title\" itemprop=\"headline\"><a href=\"https:\/\/lenguas.unicen.edu.ar\/?p=3635\" rel=\"bookmark\">Llamado a mesa de examen \u2013 DICIEMBRE 2025<\/a><\/h3><div class=\"wp-show-posts-entry-meta wp-show-posts-entry-meta-below-title post-meta-inline\"><span class=\"wp-show-posts-posted-on wp-show-posts-meta\">\n\t\t\t\t\t<a href=\"https:\/\/lenguas.unicen.edu.ar\/?p=3635\" title=\"5:15 pm\" rel=\"bookmark\"><time class=\"wp-show-posts-entry-date published\" datetime=\"2025-11-11T17:15:33+00:00\" itemprop=\"datePublished\">November 11, 2025<\/time><\/a>\n\t\t\t\t<\/span><\/div>\t\t\t\t\t\t<\/header><!-- .entry-header -->\n\t\t\t\t\t\t\t<div class=\"wp-show-posts-image  wpsp-image-center \">\n\t\t\t<a href=\"https:\/\/lenguas.unicen.edu.ar\/?p=3635\"  title=\"Llamado a mesa de examen \u2013 DICIEMBRE 2025\"><img loading=\"lazy\" decoding=\"async\" width=\"1395\" height=\"1967\" src=\"https:\/\/lenguas.unicen.edu.ar\/wp-content\/uploads\/2025\/11\/Mesa-de-examen-diciembre-2025.png\" class=\"attachment-full size-full wp-post-image\" alt=\"\" itemprop=\"image\" srcset=\"https:\/\/lenguas.unicen.edu.ar\/wp-content\/uploads\/2025\/11\/Mesa-de-examen-diciembre-2025.png 1395w, https:\/\/lenguas.unicen.edu.ar\/wp-content\/uploads\/2025\/11\/Mesa-de-examen-diciembre-2025-213x300.png 213w, https:\/\/lenguas.unicen.edu.ar\/wp-content\/uploads\/2025\/11\/Mesa-de-examen-diciembre-2025-726x1024.png 726w, https:\/\/lenguas.unicen.edu.ar\/wp-content\/uploads\/2025\/11\/Mesa-de-examen-diciembre-2025-768x1083.png 768w, https:\/\/lenguas.unicen.edu.ar\/wp-content\/uploads\/2025\/11\/Mesa-de-examen-diciembre-2025-1089x1536.png 1089w\" sizes=\"(max-width: 1395px) 100vw, 1395px\" \/><\/a>\t\t<\/div>\n\t\t\t\t\t\t\t\t<div class=\"wp-show-posts-entry-summary\" itemprop=\"text\">\n\t\t\t\t\t\t\t<p>El Departamento de Lenguas dependiente de la Secretar\u00eda Acad\u00e9mica de la UNCPBA, informa que se encuentran disponibles las fechas de examen final correspondientes al llamado de diciembre de 2025. Cabe&#8230;<\/p>\n\t\t\t\t\t\t<\/div><!-- .entry-summary -->\n\t\t\t\t\t<\/div><!-- wp-show-posts-inner --><\/article><article class=\" wp-show-posts-single post-3619 post type-post status-publish format-standard has-post-thumbnail hentry category-noticias wpsp-col-4\" itemtype=\"http:\/\/schema.org\/CreativeWork\" itemscope><div class=\"wp-show-posts-inner\" style=\"\">\t\t\t\t\t\t<header class=\"wp-show-posts-entry-header\">\n\t\t\t\t\t\t\t<h3 class=\"wp-show-posts-entry-title\" itemprop=\"headline\"><a href=\"https:\/\/lenguas.unicen.edu.ar\/?p=3619\" rel=\"bookmark\">Abierta la inscripci\u00f3n al taller de escritura: &#8220;Las ciencias sociales en palabras&#8221;<\/a><\/h3><div class=\"wp-show-posts-entry-meta wp-show-posts-entry-meta-below-title post-meta-inline\"><span class=\"wp-show-posts-posted-on wp-show-posts-meta\">\n\t\t\t\t\t<a href=\"https:\/\/lenguas.unicen.edu.ar\/?p=3619\" title=\"6:47 pm\" rel=\"bookmark\"><time class=\"wp-show-posts-entry-date published\" datetime=\"2025-09-23T18:47:07+00:00\" itemprop=\"datePublished\">September 23, 2025<\/time><time class=\"wp-show-posts-updated\" datetime=\"2025-10-07T17:18:55+00:00\" itemprop=\"dateModified\">October 7, 2025<\/time><\/a>\n\t\t\t\t<\/span><\/div>\t\t\t\t\t\t<\/header><!-- .entry-header -->\n\t\t\t\t\t\t\t<div class=\"wp-show-posts-image  wpsp-image-center \">\n\t\t\t<a href=\"https:\/\/lenguas.unicen.edu.ar\/?p=3619\"  title=\"Abierta la inscripci\u00f3n al taller de escritura: &#8220;Las ciencias sociales en palabras&#8221;\"><img loading=\"lazy\" decoding=\"async\" width=\"1080\" height=\"1350\" src=\"https:\/\/lenguas.unicen.edu.ar\/wp-content\/uploads\/2025\/09\/Taller-escritura-las-ciencias-sociales-en-palabras-2025.png\" class=\"attachment-full size-full wp-post-image\" alt=\"\" itemprop=\"image\" srcset=\"https:\/\/lenguas.unicen.edu.ar\/wp-content\/uploads\/2025\/09\/Taller-escritura-las-ciencias-sociales-en-palabras-2025.png 1080w, https:\/\/lenguas.unicen.edu.ar\/wp-content\/uploads\/2025\/09\/Taller-escritura-las-ciencias-sociales-en-palabras-2025-240x300.png 240w, https:\/\/lenguas.unicen.edu.ar\/wp-content\/uploads\/2025\/09\/Taller-escritura-las-ciencias-sociales-en-palabras-2025-819x1024.png 819w, https:\/\/lenguas.unicen.edu.ar\/wp-content\/uploads\/2025\/09\/Taller-escritura-las-ciencias-sociales-en-palabras-2025-768x960.png 768w\" sizes=\"(max-width: 1080px) 100vw, 1080px\" \/><\/a>\t\t<\/div>\n\t\t\t\t\t\t\t\t<div class=\"wp-show-posts-entry-summary\" itemprop=\"text\">\n\t\t\t\t\t\t\t<p>El \u00c1rea de Lectura, Escritura y Oralidad (LEO) del Departamento de Lenguas, dependiente de la Secretar\u00eda Acad\u00e9mica de la Universidad Nacional del Centro informa que se encuentra abierta la inscripci\u00f3n&#8230;<\/p>\n\t\t\t\t\t\t<\/div><!-- .entry-summary -->\n\t\t\t\t\t<\/div><!-- wp-show-posts-inner --><\/article><div class=\"wpsp-clear\"><\/div><\/section><!-- .wp-show-posts --><\/div>\n\t\t\t\t<\/div>\n\t\t\t\t<\/div>\n\t\t\t\t\t<\/div>\n\t\t<\/div>\n\t\t\t\t<div class=\"elementor-column elementor-col-33 elementor-top-column elementor-element elementor-element-34fc6d6\" data-id=\"34fc6d6\" data-element_type=\"column\">\n\t\t\t<div class=\"elementor-widget-wrap elementor-element-populated\">\n\t\t\t\t\t\t<div class=\"elementor-element elementor-element-1f47965 elementor-widget elementor-widget-image\" data-id=\"1f47965\" data-element_type=\"widget\" data-widget_type=\"image.default\">\n\t\t\t\t<div class=\"elementor-widget-container\">\n\t\t\t\t\t\t\t\t\t\t\t\t\t\t<a href=\"http:\/\/redleo.unicen.edu.ar\/\" target=\"_blank\">\n\t\t\t\t\t\t\t<img loading=\"lazy\" decoding=\"async\" width=\"300\" height=\"143\" src=\"https:\/\/lenguas.unicen.edu.ar\/wp-content\/uploads\/2020\/10\/cropped-logored-2-300x143.png\" class=\"attachment-medium size-medium wp-image-63\" alt=\"\" srcset=\"https:\/\/lenguas.unicen.edu.ar\/wp-content\/uploads\/2020\/10\/cropped-logored-2-300x143.png 300w, https:\/\/lenguas.unicen.edu.ar\/wp-content\/uploads\/2020\/10\/cropped-logored-2.png 465w\" sizes=\"(max-width: 300px) 100vw, 300px\" \/>\t\t\t\t\t\t\t\t<\/a>\n\t\t\t\t\t\t\t\t\t\t\t\t\t<\/div>\n\t\t\t\t<\/div>\n\t\t\t\t<div class=\"elementor-element elementor-element-f57e750 elementor-widget elementor-widget-image\" data-id=\"f57e750\" data-element_type=\"widget\" data-widget_type=\"image.default\">\n\t\t\t\t<div class=\"elementor-widget-container\">\n\t\t\t\t\t\t\t\t\t\t\t\t\t\t<a href=\"http:\/\/academica.unicen.edu.ar\/\" target=\"_blank\">\n\t\t\t\t\t\t\t<img loading=\"lazy\" decoding=\"async\" width=\"300\" height=\"96\" src=\"https:\/\/lenguas.unicen.edu.ar\/wp-content\/uploads\/2020\/10\/cropped-index-1-300x96.jpeg\" class=\"attachment-medium size-medium wp-image-28\" alt=\"\" srcset=\"https:\/\/lenguas.unicen.edu.ar\/wp-content\/uploads\/2020\/10\/cropped-index-1-300x96.jpeg 300w, https:\/\/lenguas.unicen.edu.ar\/wp-content\/uploads\/2020\/10\/cropped-index-1-1024x329.jpeg 1024w, https:\/\/lenguas.unicen.edu.ar\/wp-content\/uploads\/2020\/10\/cropped-index-1-768x247.jpeg 768w, https:\/\/lenguas.unicen.edu.ar\/wp-content\/uploads\/2020\/10\/cropped-index-1.jpeg 1121w\" sizes=\"(max-width: 300px) 100vw, 300px\" \/>\t\t\t\t\t\t\t\t<\/a>\n\t\t\t\t\t\t\t\t\t\t\t\t\t<\/div>\n\t\t\t\t<\/div>\n\t\t\t\t<div class=\"elementor-element elementor-element-681cc2e elementor-widget elementor-widget-image\" data-id=\"681cc2e\" data-element_type=\"widget\" data-widget_type=\"image.default\">\n\t\t\t\t<div class=\"elementor-widget-container\">\n\t\t\t\t\t\t\t\t\t\t\t\t\t\t<a href=\"http:\/\/unicen.edu.ar\" target=\"_blank\">\n\t\t\t\t\t\t\t<img loading=\"lazy\" decoding=\"async\" width=\"300\" height=\"83\" src=\"https:\/\/lenguas.unicen.edu.ar\/wp-content\/uploads\/2020\/10\/unicen-300x83.png\" class=\"attachment-medium size-medium wp-image-100\" alt=\"\" srcset=\"https:\/\/lenguas.unicen.edu.ar\/wp-content\/uploads\/2020\/10\/unicen-300x83.png 300w, https:\/\/lenguas.unicen.edu.ar\/wp-content\/uploads\/2020\/10\/unicen.png 498w\" sizes=\"(max-width: 300px) 100vw, 300px\" \/>\t\t\t\t\t\t\t\t<\/a>\n\t\t\t\t\t\t\t\t\t\t\t\t\t<\/div>\n\t\t\t\t<\/div>\n\t\t\t\t<div class=\"elementor-element elementor-element-860c190 elementor-align-left elementor-icon-list--layout-traditional elementor-list-item-link-full_width elementor-widget elementor-widget-icon-list\" data-id=\"860c190\" data-element_type=\"widget\" data-widget_type=\"icon-list.default\">\n\t\t\t\t<div class=\"elementor-widget-container\">\n\t\t\t\t\t<ul class=\"elementor-icon-list-items\">\n\t\t\t\t\t\t\t<li class=\"elementor-icon-list-item\">\n\t\t\t\t\t\t\t\t\t\t\t<a href=\"https:\/\/lenguas.unicen.edu.ar\/?page_id=330\">\n\n\t\t\t\t\t\t\t\t\t\t\t\t<span class=\"elementor-icon-list-icon\">\n\t\t\t\t\t\t\t<i aria-hidden=\"true\" class=\"fas fa-edit\"><\/i>\t\t\t\t\t\t<\/span>\n\t\t\t\t\t\t\t\t\t\t<span class=\"elementor-icon-list-text\">INSCRIPCI\u00d3N<\/span>\n\t\t\t\t\t\t\t\t\t\t\t<\/a>\n\t\t\t\t\t\t\t\t\t<\/li>\n\t\t\t\t\t\t\t\t<li class=\"elementor-icon-list-item\">\n\t\t\t\t\t\t\t\t\t\t\t<a href=\"https:\/\/lenguas.unicen.edu.ar\/?page_id=131\">\n\n\t\t\t\t\t\t\t\t\t\t\t\t<span class=\"elementor-icon-list-icon\">\n\t\t\t\t\t\t\t<i aria-hidden=\"true\" class=\"fas fa-check\"><\/i>\t\t\t\t\t\t<\/span>\n\t\t\t\t\t\t\t\t\t\t<span class=\"elementor-icon-list-text\">TEST DE NIVEL<\/span>\n\t\t\t\t\t\t\t\t\t\t\t<\/a>\n\t\t\t\t\t\t\t\t\t<\/li>\n\t\t\t\t\t\t\t\t<li class=\"elementor-icon-list-item\">\n\t\t\t\t\t\t\t\t\t\t\t<a href=\"https:\/\/drive.google.com\/file\/d\/1R_R9W1A7tGHzi24pShvw49ZiJbDABeK5\/view?usp=sharing\" target=\"_blank\">\n\n\t\t\t\t\t\t\t\t\t\t\t\t<span class=\"elementor-icon-list-icon\">\n\t\t\t\t\t\t\t<i aria-hidden=\"true\" class=\"far fa-clock\"><\/i>\t\t\t\t\t\t<\/span>\n\t\t\t\t\t\t\t\t\t\t<span class=\"elementor-icon-list-text\">HORARIOS CURSOS 2026<\/span>\n\t\t\t\t\t\t\t\t\t\t\t<\/a>\n\t\t\t\t\t\t\t\t\t<\/li>\n\t\t\t\t\t\t\t\t<li class=\"elementor-icon-list-item\">\n\t\t\t\t\t\t\t\t\t\t\t<a href=\"\/?page_id=134\">\n\n\t\t\t\t\t\t\t\t\t\t\t\t<span class=\"elementor-icon-list-icon\">\n\t\t\t\t\t\t\t<i aria-hidden=\"true\" class=\"fas fa-dollar-sign\"><\/i>\t\t\t\t\t\t<\/span>\n\t\t\t\t\t\t\t\t\t\t<span class=\"elementor-icon-list-text\">ARANCELES 2026<\/span>\n\t\t\t\t\t\t\t\t\t\t\t<\/a>\n\t\t\t\t\t\t\t\t\t<\/li>\n\t\t\t\t\t\t\t\t<li class=\"elementor-icon-list-item\">\n\t\t\t\t\t\t\t\t\t\t\t<a href=\"https:\/\/drive.google.com\/file\/d\/1dgiNPcclyRE6bH0ZYbj4xpTumRdT3pY7\/view?usp=sharing\" target=\"_blank\">\n\n\t\t\t\t\t\t\t\t\t\t\t\t<span class=\"elementor-icon-list-icon\">\n\t\t\t\t\t\t\t<i aria-hidden=\"true\" class=\"fas fa-info\"><\/i>\t\t\t\t\t\t<\/span>\n\t\t\t\t\t\t\t\t\t\t<span class=\"elementor-icon-list-text\">INFORMACI\u00d3N ALUMNOS<\/span>\n\t\t\t\t\t\t\t\t\t\t\t<\/a>\n\t\t\t\t\t\t\t\t\t<\/li>\n\t\t\t\t\t\t\t\t<li class=\"elementor-icon-list-item\">\n\t\t\t\t\t\t\t\t\t\t\t<a href=\"https:\/\/drive.google.com\/file\/d\/1FdWfEsS2lG5EeGf03j7JbBCTmDAW4W52\/view?usp=sharing\" target=\"_blank\">\n\n\t\t\t\t\t\t\t\t\t\t\t\t<span class=\"elementor-icon-list-icon\">\n\t\t\t\t\t\t\t<i aria-hidden=\"true\" class=\"far fa-calendar-alt\"><\/i>\t\t\t\t\t\t<\/span>\n\t\t\t\t\t\t\t\t\t\t<span class=\"elementor-icon-list-text\">CALENDARIO ACAD\u00c9MICO 2026<\/span>\n\t\t\t\t\t\t\t\t\t\t\t<\/a>\n\t\t\t\t\t\t\t\t\t<\/li>\n\t\t\t\t\t\t\t\t<li class=\"elementor-icon-list-item\">\n\t\t\t\t\t\t\t\t\t\t\t<a href=\"https:\/\/lenguas.unicen.edu.ar\/?page_id=138\">\n\n\t\t\t\t\t\t\t\t\t\t\t\t<span class=\"elementor-icon-list-icon\">\n\t\t\t\t\t\t\t<i aria-hidden=\"true\" class=\"fas fa-question\"><\/i>\t\t\t\t\t\t<\/span>\n\t\t\t\t\t\t\t\t\t\t<span class=\"elementor-icon-list-text\">PREGUNTAS FRECUENTES<\/span>\n\t\t\t\t\t\t\t\t\t\t\t<\/a>\n\t\t\t\t\t\t\t\t\t<\/li>\n\t\t\t\t\t\t<\/ul>\n\t\t\t\t<\/div>\n\t\t\t\t<\/div>\n\t\t\t\t\t<\/div>\n\t\t<\/div>\n\t\t\t\t\t<\/div>\n\t\t<\/section>\n\t\t\t\t<\/div>\n\t\t","protected":false},"excerpt":{"rendered":"<p>INSCRIPCI\u00d3N TEST DE NIVEL HORARIOS CURSOS 2026 ARANCELES 2026 INFORMACI\u00d3N ALUMNOS CALENDARIO ACAD\u00c9MICO 2026 PREGUNTAS FRECUENTES<\/p>\n","protected":false},"author":1,"featured_media":0,"parent":0,"menu_order":0,"comment_status":"closed","ping_status":"closed","template":"page-templates\/full-width.php","meta":{"footnotes":""},"class_list":["post-16","page","type-page","status-publish","hentry"],"_links":{"self":[{"href":"https:\/\/lenguas.unicen.edu.ar\/index.php?rest_route=\/wp\/v2\/pages\/16","targetHints":{"allow":["GET"]}}],"collection":[{"href":"https:\/\/lenguas.unicen.edu.ar\/index.php?rest_route=\/wp\/v2\/pages"}],"about":[{"href":"https:\/\/lenguas.unicen.edu.ar\/index.php?rest_route=\/wp\/v2\/types\/page"}],"author":[{"embeddable":true,"href":"https:\/\/lenguas.unicen.edu.ar\/index.php?rest_route=\/wp\/v2\/users\/1"}],"replies":[{"embeddable":true,"href":"https:\/\/lenguas.unicen.edu.ar\/index.php?rest_route=%2Fwp%2Fv2%2Fcomments&post=16"}],"version-history":[{"count":301,"href":"https:\/\/lenguas.unicen.edu.ar\/index.php?rest_route=\/wp\/v2\/pages\/16\/revisions"}],"predecessor-version":[{"id":3895,"href":"https:\/\/lenguas.unicen.edu.ar\/index.php?rest_route=\/wp\/v2\/pages\/16\/revisions\/3895"}],"wp:attachment":[{"href":"https:\/\/lenguas.unicen.edu.ar\/index.php?rest_route=%2Fwp%2Fv2%2Fmedia&parent=16"}],"curies":[{"name":"wp","href":"https:\/\/api.w.org\/{rel}","templated":true}]}}